{"id":1132,"date":"2015-03-04T18:22:29","date_gmt":"2015-03-04T18:22:29","guid":{"rendered":"https:\/\/comeniusmathematiques.portail15.fr\/?page_id=1132"},"modified":"2015-04-15T08:48:14","modified_gmt":"2015-04-15T08:48:14","slug":"escola-dr-robert-de-camprodon","status":"publish","type":"page","link":"https:\/\/comeniusmathematiques.portail15.fr\/?page_id=1132","title":{"rendered":"Escola Dr Robert de Camprodon"},"content":{"rendered":"<p align=\"LEFT\"><span style=\"font-family: Verdana,sans-serif;\"><span style=\"font-size: small;\">Type d&#8217;organisme&gt; Ecole primaire (EDU-SCHPrm)<\/span><\/span><\/p> <p align=\"LEFT\"><span style=\"font-family: Verdana,sans-serif;\"><span style=\"font-size: small;\">P\u00e9rim\u00e8tre g\u00e9ographique&gt; local (L)<\/span><\/span><\/p> <p align=\"LEFT\"><span style=\"font-family: Verdana,sans-serif;\"><span style=\"font-size: small;\">Statut juridique&gt; Public (PB)<\/span><\/span><\/p> <p align=\"LEFT\"><span style=\"font-family: Verdana,sans-serif;\"><span style=\"font-size: small;\">Taille (personnel)&gt; 1 \u00e0 20<\/span><\/span><\/p> <p align=\"LEFT\"><span style=\"font-family: Verdana,sans-serif;\"><span style=\"font-size: small;\">Taille (\u00e9l\u00e8ves) &gt; 51 \u00e0 250<\/span><\/span><\/p> <p align=\"LEFT\"><span style=\"font-family: Verdana,sans-serif;\"><span style=\"font-size: small;\">Adresse l\u00e9gale&gt; Pla\u00e7a Santa Maria 8<\/span><\/span><\/p> <p align=\"LEFT\"><span style=\"font-family: Verdana,sans-serif;\"><span style=\"font-size: small;\">Code postal&gt; 17867<\/span><\/span><\/p> <p align=\"LEFT\"><span style=\"font-family: Verdana,sans-serif;\"><span style=\"font-size: small;\">Ville&gt; <b>Camprodon<\/b><\/span><\/span><\/p> <p align=\"LEFT\"><span style=\"font-family: Verdana,sans-serif;\"><span style=\"font-size: small;\">Pays&gt; ES &#8211;<b> ESPAGNE<\/b><\/span><\/span><\/p> <p align=\"LEFT\"><span style=\"font-family: Verdana,sans-serif;\"><span style=\"font-size: small;\">R\u00e9gion&gt; ES51 &#8211; <b>Catalunya<\/b><\/span><\/span><\/p> <p align=\"LEFT\"><span style=\"font-family: Verdana,sans-serif;\"><span style=\"font-size: small;\">T\u00e9l\u00e9phone 1&gt; 0034 972 740 260<\/span><\/span><\/p> <p align=\"LEFT\"><span style=\"font-family: Verdana,sans-serif;\"><span style=\"font-size: small;\">Email&gt; <a href=\"mailto:ceipdrrobert@xtec.cat\">ceipdrrobert@xtec.cat<\/a> <\/span><\/span><\/p> <p align=\"LEFT\"><span style=\"font-family: Verdana,sans-serif;\"><span style=\"font-size: small;\">Site web&gt;\u00a0<a href=\"http:\/\/escoladoctorrobert.blogspot.com.es\/\">http:\/\/escoladoctorrobert.blogspot.com.es\/<\/a><\/span><\/span><\/p> <p align=\"LEFT\">PERSONNE DE CONTACT&gt; Monsieur <b>Joan Vila i Coma<\/b>, professeur responsable langue fran\u00e7aise<\/p> <p align=\"LEFT\"><span style=\"font-family: Verdana,sans-serif;\"><span style=\"font-size: small;\">Email&gt; <a href=\"mailto:jvila228@xtec.cat\">jvila228@xtec.cat<\/a> <\/span><\/span><\/p> <p align=\"LEFT\"><span style=\"font-family: Verdana,sans-serif;\"><span style=\"font-size: small;\">Gsm&gt; 0032 478 344 139<\/span><\/span><\/p> <p align=\"LEFT\"><span style=\"font-family: Verdana,sans-serif;\"><span style=\"font-size: small;\">REPRESENTANT LEGAL&gt; Madame Rosa Gibert i Moliner, Directrice<\/span><\/span><\/p> <p align=\"LEFT\"><span style=\"font-family: Verdana,sans-serif;\"><span style=\"font-size: small;\">Organisme&gt; Escola Dr Robert de Camprodon<\/span><\/span><\/p> <p align=\"LEFT\"><span style=\"font-family: Verdana,sans-serif;\"><span style=\"font-size: small;\">Email&gt; <a href=\"mailto:gibertmoliner@gmail.com\">gibertmoliner@gmail.com<\/a> <\/span><\/span><\/p> <p align=\"LEFT\"><span style=\"font-family: Verdana,sans-serif;\"><span style=\"font-size: small;\">DESCRIPTION&gt;<\/span><\/span><\/p> <p align=\"LEFT\"><span style=\"font-family: Verdana,sans-serif;\"><span style=\"font-size: small;\">L\u2019\u00e9cole publique Doctor Robert est situ\u00e9e \u00e0 Camprodon (2344 habitants), petit village situ\u00e9 pr\u00e8s de la fronti\u00e8re fran\u00e7aise, \u00e0 87,6 km de Girona et \u00e0 131 km de Barcelona, aux pieds des Pyr\u00e9n\u00e9es en Catalunya (Espagne). La Vall\u00e9e de Camprodon est situ\u00e9e dans les Pyr\u00e9n\u00e9es Orientales, le long des rivi\u00e8res Ter et Ritort, juste l\u00e0 o\u00f9 les montagnes commencent \u00e0 perdre de l&#8217;altitude sur le chemin de la M\u00e9diterran\u00e9e. Le vall\u00e9e de Camprodon peut \u00eatre consid\u00e9r\u00e9 strat\u00e9gique du point de vue naturel : d&#8217;une part la vall\u00e9e est ferm\u00e9e par de hautes montagnes, avec des sommets qui d\u00e9passent les 2.800 m (Bastiments), et de l&#8217;autre c\u00f4t\u00e9, par la vall\u00e9e de Beget et Hortmoier, avec des altitudes de seulement 400 m. La vari\u00e9t\u00e9 de climats et d\u2019altitudes se refl\u00e8te dans la v\u00e9g\u00e9tation et dans la faune de la vall\u00e9e, depuis les ch\u00eanes jusqu&#8217;aux rhododendrons, depuis ce qui est porc sauvage jusqu&#8217;\u00e0 l&#8217;isard ou le lagop\u00e8de. Doit s&#8217;ajouter \u00e0 cette diversit\u00e9 \u00e9cologique une importante implantation de monuments romans, avec une \u00e9glise dans chaque village, une voie romaine et plusieurs ponts romans.<\/span><\/span><\/p> <p align=\"LEFT\"><span style=\"font-family: Verdana,sans-serif;\"><span style=\"font-size: small;\">L\u2019\u00e9cole Doctor Robert d\u00e9pend du d\u00e9partement d\u2019enseignement de la Generalitat de Catalunya. Nous accueillons aussi les enfants des villages voisins o\u00f9 il n&#8217;y a pas d\u2019\u00e9cole. Dans notre \u00e9tablissement, avec 240 \u00e9l\u00e8ves de 3 \u00e0 12 ans, nous retrouvons tous les niveaux sociaux du village et des alentours car c\u2019est la seule \u00e9cole. La majorit\u00e9 des parents d\u2019\u00e9l\u00e8ves ont un niveau \u00e9conomique moyen ; beaucoup travaillent dans le secteur des services ou de l\u2019industrie. Les enfants sont de provenances ethniques, culturelles et socio-\u00e9conomiques diverses. <\/span><\/span><\/p> <p align=\"LEFT\"><span style=\"font-family: Verdana,sans-serif;\"><span style=\"font-size: small;\">L\u2019\u00e9cole Doctor Robert se consid\u00e8re comme une \u00e9cole inclusive. Dans le cadre de ce projet, nous repr\u00e9sentons tous les cycles et leurs sp\u00e9cificit\u00e9s dans le domaine des math\u00e9matiques. Le professeur r\u00e9f\u00e9rent sera charg\u00e9 de la coordination des envois mensuels. Gr\u00e2ce \u00e0 nos contacts on va aussi profiter du travail de recherche autour des math\u00e9matiques r\u00e9alis\u00e9 en collaboration avec le GAMAR (section didactique des math\u00e9matiques de l&#8217;Universit\u00e9 de Girona).<\/span><\/span><\/p> <p align=\"LEFT\"><span style=\"font-family: Verdana,sans-serif;\"><span style=\"font-size: small;\">PROJETS PRECEDENTS<\/span><\/span><\/p> <p align=\"LEFT\"><span style=\"font-family: Verdana,sans-serif;\"><span style=\"font-size: small;\">Ann\u00e9e de d\u00e9but&gt; 2001<\/span><\/span><\/p> <p align=\"LEFT\"><span style=\"font-family: Verdana,sans-serif;\"><span style=\"font-size: small;\">Type d&#8217;action&gt; Com\u00e9nius<\/span><\/span><\/p> <p align=\"LEFT\"><span style=\"font-family: Verdana,sans-serif;\"><span style=\"font-size: small;\">Num\u00e9ro de convention&gt; 03- ESP01- S2CO1-01368-3<\/span><\/span><\/p> <p align=\"LEFT\"><span style=\"font-family: Verdana,sans-serif;\"><span style=\"font-size: small;\">Titre du projet&gt; \u00e9tude comparative des effets des diff\u00e9rentes m\u00e9thodes sur l\u2019apprentissage de la lecture et de l\u2019\u00e9criture<\/span><\/span><\/p> <p align=\"LEFT\"><span style=\"font-family: Verdana,sans-serif;\"><span style=\"font-size: small;\">La participation de l&#8217;organisme \u00e0 la candidature de partenariat est le r\u00e9sultat de : Autre (OTH)<\/span><\/span><\/p> <p align=\"LEFT\"><span style=\"font-family: Verdana,sans-serif;\"><span style=\"font-size: small;\">Contacts dans des projets pr\u00e9c\u00e9dents + accueil d&#8217;une visite pr\u00e9paratoire<\/span><\/span><\/p> ","protected":false},"excerpt":{"rendered":"<p>Type d&#8217;organisme&gt; Ecole primaire (EDU-SCHPrm) P\u00e9rim\u00e8tre g\u00e9ographique&gt; local (L) Statut juridique&gt; Public (PB) Taille (personnel)&gt; 1 \u00e0 20 Taille (\u00e9l\u00e8ves) &gt; 51 \u00e0 250 Adresse l\u00e9gale&gt; Pla\u00e7a Santa Maria 8 Code postal&gt; 17867 Ville&gt; Camprodon Pays&gt; ES &#8211; ESPAGNE R\u00e9gion&gt; ES51 &#8211; Catalunya T\u00e9l\u00e9phone 1&gt; 0034 972 740 260 Email&gt; ceipdrrobert@xtec.cat Site web&gt;\u00a0http:\/\/escoladoctorrobert.blogspot.com.es\/ PERSONNE DE [&hellip;]<\/p>\n","protected":false},"author":6,"featured_media":0,"parent":499,"menu_order":4,"comment_status":"closed","ping_status":"closed","template":"","meta":{"footnotes":""},"class_list":["post-1132","page","type-page","status-publish","hentry"],"_links":{"self":[{"href":"https:\/\/comeniusmathematiques.portail15.fr\/index.php?rest_route=\/wp\/v2\/pages\/1132","targetHints":{"allow":["GET"]}}],"collection":[{"href":"https:\/\/comeniusmathematiques.portail15.fr\/index.php?rest_route=\/wp\/v2\/pages"}],"about":[{"href":"https:\/\/comeniusmathematiques.portail15.fr\/index.php?rest_route=\/wp\/v2\/types\/page"}],"author":[{"embeddable":true,"href":"https:\/\/comeniusmathematiques.portail15.fr\/index.php?rest_route=\/wp\/v2\/users\/6"}],"replies":[{"embeddable":true,"href":"https:\/\/comeniusmathematiques.portail15.fr\/index.php?rest_route=%2Fwp%2Fv2%2Fcomments&post=1132"}],"version-history":[{"count":4,"href":"https:\/\/comeniusmathematiques.portail15.fr\/index.php?rest_route=\/wp\/v2\/pages\/1132\/revisions"}],"predecessor-version":[{"id":1575,"href":"https:\/\/comeniusmathematiques.portail15.fr\/index.php?rest_route=\/wp\/v2\/pages\/1132\/revisions\/1575"}],"up":[{"embeddable":true,"href":"https:\/\/comeniusmathematiques.portail15.fr\/index.php?rest_route=\/wp\/v2\/pages\/499"}],"wp:attachment":[{"href":"https:\/\/comeniusmathematiques.portail15.fr\/index.php?rest_route=%2Fwp%2Fv2%2Fmedia&parent=1132"}],"curies":[{"name":"wp","href":"https:\/\/api.w.org\/{rel}","templated":true}]}}